{"id":1382,"date":"2017-05-15T20:19:33","date_gmt":"2017-05-15T18:19:33","guid":{"rendered":"https:\/\/bikesolutions.ch\/products\/bicicharger-wall\/"},"modified":"2017-10-08T14:04:54","modified_gmt":"2017-10-08T12:04:54","slug":"bicicharger-wall","status":"publish","type":"project","link":"https:\/\/bikesolutions.ch\/fr\/products\/bicicharger-wall\/","title":{"rendered":"BICICHARGER WALL"},"content":{"rendered":"<p>[et_pb_section bb_built=\u00a0\u00bb1&Prime; custom_padding=\u00a0\u00bb2%|||\u00a0\u00bb make_fullwidth=\u00a0\u00bbon\u00a0\u00bb make_equal=\u00a0\u00bbon\u00a0\u00bb use_custom_gutter=\u00a0\u00bbon\u00a0\u00bb specialty=\u00a0\u00bbon\u00a0\u00bb parallax_1=\u00a0\u00bboff\u00a0\u00bb parallax_2=\u00a0\u00bboff\u00a0\u00bb parallax_method_1=\u00a0\u00bboff\u00a0\u00bb parallax_method_2=\u00a0\u00bboff\u00a0\u00bb][et_pb_column type=\u00a0\u00bb1_4&Prime;][et_pb_sidebar area=\u00a0\u00bbsidebar-1&Prime; \/][\/et_pb_column][et_pb_column type=\u00a0\u00bb3_4&Prime; specialty_columns=\u00a0\u00bb3&Prime;][et_pb_row_inner admin_label=\u00a0\u00bbRiga\u00a0\u00bb custom_padding=\u00a0\u00bb0px|||\u00a0\u00bb module_class=\u00a0\u00bbbordo_superiore\u00a0\u00bb][et_pb_column_inner type=\u00a0\u00bb1_2&Prime; saved_specialty_column_type=\u00a0\u00bb3_4&Prime;][et_pb_image src=\u00a0\u00bbhttps:\/\/bikesolutions.ch\/wp-content\/uploads\/bici_charging_wall_render1.png\u00a0\u00bb show_in_lightbox=\u00a0\u00bbon\u00a0\u00bb \/][et_pb_gallery gallery_ids=\u00a0\u00bb571&Prime; posts_number=\u00a0\u00bb3&Prime; show_title_and_caption=\u00a0\u00bboff\u00a0\u00bb show_pagination=\u00a0\u00bboff\u00a0\u00bb hover_icon=\u00a0\u00bb%%15%%\u00a0\u00bb custom_css_gallery_item=\u00a0\u00bbmax-width: 30%!important;||clear: none !important;\u00a0\u00bb \/][\/et_pb_column_inner][et_pb_column_inner type=\u00a0\u00bb1_2&Prime; saved_specialty_column_type=\u00a0\u00bb3_4&Prime;][et_pb_post_title meta=\u00a0\u00bboff\u00a0\u00bb featured_image=\u00a0\u00bboff\u00a0\u00bb text_color=\u00a0\u00bblight\u00a0\u00bb module_bg_color=\u00a0\u00bb#0a9549&Prime; title_font_size=\u00a0\u00bb32px\u00a0\u00bb custom_margin=\u00a0\u00bb|||\u00a0\u00bb custom_padding=\u00a0\u00bb2%|2%||2%\u00a0\u00bb background_color=\u00a0\u00bb#0a9549&Prime; \/][et_pb_text] Le point de recharge pour bicyclettes \u00e9lectriques <strong>BICICHARGER WALL\u00a0<\/strong>est un \u00e9l\u00e9ment qui s&rsquo;int\u00e8gre facilement dans les espaces urbains, pr\u00e8s de places de stationnement d\u00e9j\u00e0 planifi\u00e9es, centres commerciales ou \u00e9coles. [\/et_pb_text][et_pb_text admin_label=\u00a0\u00bbTesto vantaggi\u00a0\u00bb module_class=\u00a0\u00bbtesto_prodotti\u00a0\u00bb]<\/p>\n<h2>AVANTAGES<\/h2>\n<ul>\n<li>Permet la recharge simultan\u00e9e de 3 v\u00e9los<\/li>\n<li>Projet\u00e9 pour usage externe<\/li>\n<li>Se fixe facilement aux structure verticales<\/li>\n<li>Resiste aux actes de vandalisme<\/li>\n<\/ul>\n<p>[\/et_pb_text][et_pb_text admin_label=\u00a0\u00bbTesto personalizzazione\u00a0\u00bb module_class=\u00a0\u00bbtesto_prodotti\u00a0\u00bb]<\/p>\n<h2>Sur-mesure<\/h2>\n<ul>\n<li>Disponible dans toutes les couleurs RAL<\/li>\n<li>Possibilit\u00e9 de rajouter son LOGO<\/li>\n<\/ul>\n<p>[\/et_pb_text][\/et_pb_column_inner][\/et_pb_row_inner][et_pb_row_inner admin_label=\u00a0\u00bbRiga\u00a0\u00bb use_custom_gutter=\u00a0\u00bbon\u00a0\u00bb gutter_width=\u00a0\u00bb1&Prime; custom_padding=\u00a0\u00bb1%|2%|0px|2%\u00a0\u00bb parallax_method_1=\u00a0\u00bboff\u00a0\u00bb module_class=\u00a0\u00bbbordo_superiore\u00a0\u00bb][et_pb_column_inner type=\u00a0\u00bb4_4&Prime; saved_specialty_column_type=\u00a0\u00bb3_4&Prime;][et_pb_text custom_padding=\u00a0\u00bb||2%|\u00a0\u00bb]<\/p>\n<h2>examples<\/h2>\n<p>[\/et_pb_text][et_pb_gallery gallery_ids=\u00a0\u00bb659&Prime; posts_number=\u00a0\u00bb10&Prime; show_title_and_caption=\u00a0\u00bboff\u00a0\u00bb show_pagination=\u00a0\u00bboff\u00a0\u00bb hover_icon=\u00a0\u00bb%%15%%\u00a0\u00bb module_class=\u00a0\u00bbgalleria_pdt\u00a0\u00bb \/][\/et_pb_column_inner][\/et_pb_row_inner][\/et_pb_column][\/et_pb_section][et_pb_section bb_built=\u00a0\u00bb1&Prime; background_color=\u00a0\u00bb#eee\u00a0\u00bb module_class=\u00a0\u00bbbordo_superiore\u00a0\u00bb][et_pb_row custom_padding=\u00a0\u00bb0px||0px|\u00a0\u00bb background_position=\u00a0\u00bbtop_left\u00a0\u00bb background_repeat=\u00a0\u00bbrepeat\u00a0\u00bb background_size=\u00a0\u00bbinitial\u00a0\u00bb][et_pb_column type=\u00a0\u00bb4_4&Prime;][et_pb_text admin_label=\u00a0\u00bbText\u00a0\u00bb background_position=\u00a0\u00bbtop_left\u00a0\u00bb background_repeat=\u00a0\u00bbrepeat\u00a0\u00bb background_size=\u00a0\u00bbinitial\u00a0\u00bb]<\/p>\n<h2>Voir aussi<\/h2>\n<p>[\/et_pb_text][et_pb_portfolio admin_label=\u00a0\u00bbCorrelati\u00a0\u00bb fullwidth=\u00a0\u00bboff\u00a0\u00bb posts_number=\u00a0\u00bb4&Prime; include_categories=\u00a0\u00bb44&Prime; show_categories=\u00a0\u00bboff\u00a0\u00bb show_pagination=\u00a0\u00bboff\u00a0\u00bb background_position=\u00a0\u00bbtop_left\u00a0\u00bb background_repeat=\u00a0\u00bbrepeat\u00a0\u00bb background_size=\u00a0\u00bbinitial\u00a0\u00bb _builder_version=\u00a0\u00bb3.0.78&Prime; show_title=\u00a0\u00bbon\u00a0\u00bb zoom_icon_color=\u00a0\u00bb#0a9549&Prime; hover_overlay_color=\u00a0\u00bbrgba(255,255,255,0.9)\u00a0\u00bb background_layout=\u00a0\u00bblight\u00a0\u00bb pagination_font_size_tablet=\u00a0\u00bb51&Prime; pagination_line_height_tablet=\u00a0\u00bb2&Prime; border_style=\u00a0\u00bbsolid\u00a0\u00bb \/][\/et_pb_column][\/et_pb_row][\/et_pb_section]<\/p>\n","protected":false},"excerpt":{"rendered":"<p><div class=\"et_pb_module et_pb_text et_pb_text_0  et_pb_text_align_left et_pb_bg_layout_light\">\n\t\t\t\t\n\t\t\t\t\n\t\t\t\t\n\t\t\t\t\n\t\t\t\t\n\t\t\t<\/div> Le point de recharge pour bicyclettes \u00e9lectriques BICICHARGER WALL\u00a0est un \u00e9l\u00e9ment qui s&rsquo;int\u00e8gre facilement dans les espaces urbains, pr\u00e8s de places de stationnement d\u00e9j\u00e0 planifi\u00e9es, centres commerciales ou \u00e9coles. AVANTAGES Permet la recharge simultan\u00e9e de 3 v\u00e9los Projet\u00e9 pour usage externe Se fixe facilement aux structure verticales Resiste aux actes de vandalisme Sur-mesure Disponible [&hellip;]<\/p>\n","protected":false},"author":1,"featured_media":1094,"comment_status":"closed","ping_status":"closed","template":"","meta":{"_et_pb_use_builder":"on","_et_pb_old_content":"","_et_gb_content_width":"","footnotes":""},"project_category":[44],"project_tag":[],"class_list":["post-1382","project","type-project","status-publish","has-post-thumbnail","hentry","project_category-e-bike-fr"],"yoast_head":"<!-- This site is optimized with the Yoast SEO plugin v23.9 - https:\/\/yoast.com\/wordpress\/plugins\/seo\/ -->\n<title>BICICHARGER WALL - Bike solutions<\/title>\n<meta name=\"robots\" content=\"index, follow, max-snippet:-1, max-image-preview:large, max-video-preview:-1\" \/>\n<link rel=\"canonical\" href=\"https:\/\/bikesolutions.ch\/fr\/products\/bicicharger-wall\/\" \/>\n<meta property=\"og:locale\" content=\"fr_FR\" \/>\n<meta property=\"og:type\" content=\"article\" \/>\n<meta property=\"og:title\" content=\"BICICHARGER WALL - Bike solutions\" \/>\n<meta property=\"og:description\" content=\"Le point de recharge pour bicyclettes \u00e9lectriques BICICHARGER WALL\u00a0est un \u00e9l\u00e9ment qui s&#039;int\u00e8gre facilement dans les espaces urbains, pr\u00e8s de places de stationnement d\u00e9j\u00e0 planifi\u00e9es, centres commerciales ou \u00e9coles. AVANTAGES Permet la recharge simultan\u00e9e de 3 v\u00e9los Projet\u00e9 pour usage externe Se fixe facilement aux structure verticales Resiste aux actes de vandalisme Sur-mesure Disponible [&hellip;]\" \/>\n<meta property=\"og:url\" content=\"https:\/\/bikesolutions.ch\/fr\/products\/bicicharger-wall\/\" \/>\n<meta property=\"og:site_name\" content=\"Bike solutions\" \/>\n<meta property=\"article:publisher\" content=\"https:\/\/www.facebook.com\/bikesolutions.ch\/\" \/>\n<meta property=\"article:modified_time\" content=\"2017-10-08T12:04:54+00:00\" \/>\n<meta property=\"og:image\" content=\"https:\/\/bikesolutions.ch\/wp-content\/uploads\/bici_charging_wall_render1.png\" \/>\n\t<meta property=\"og:image:width\" content=\"800\" \/>\n\t<meta property=\"og:image:height\" content=\"600\" \/>\n\t<meta property=\"og:image:type\" content=\"image\/png\" \/>\n<meta name=\"twitter:card\" content=\"summary_large_image\" \/>\n<meta name=\"twitter:label1\" content=\"Dur\u00e9e de lecture estim\u00e9e\" \/>\n\t<meta name=\"twitter:data1\" content=\"2 minutes\" \/>\n<script type=\"application\/ld+json\" class=\"yoast-schema-graph\">{\"@context\":\"https:\/\/schema.org\",\"@graph\":[{\"@type\":\"WebPage\",\"@id\":\"https:\/\/bikesolutions.ch\/fr\/products\/bicicharger-wall\/\",\"url\":\"https:\/\/bikesolutions.ch\/fr\/products\/bicicharger-wall\/\",\"name\":\"BICICHARGER WALL - Bike solutions\",\"isPartOf\":{\"@id\":\"https:\/\/bikesolutions.ch\/#website\"},\"primaryImageOfPage\":{\"@id\":\"https:\/\/bikesolutions.ch\/fr\/products\/bicicharger-wall\/#primaryimage\"},\"image\":{\"@id\":\"https:\/\/bikesolutions.ch\/fr\/products\/bicicharger-wall\/#primaryimage\"},\"thumbnailUrl\":\"https:\/\/bikesolutions.ch\/wp-content\/uploads\/bici_charging_wall_render1.png\",\"datePublished\":\"2017-05-15T18:19:33+00:00\",\"dateModified\":\"2017-10-08T12:04:54+00:00\",\"breadcrumb\":{\"@id\":\"https:\/\/bikesolutions.ch\/fr\/products\/bicicharger-wall\/#breadcrumb\"},\"inLanguage\":\"fr-FR\",\"potentialAction\":[{\"@type\":\"ReadAction\",\"target\":[\"https:\/\/bikesolutions.ch\/fr\/products\/bicicharger-wall\/\"]}]},{\"@type\":\"ImageObject\",\"inLanguage\":\"fr-FR\",\"@id\":\"https:\/\/bikesolutions.ch\/fr\/products\/bicicharger-wall\/#primaryimage\",\"url\":\"https:\/\/bikesolutions.ch\/wp-content\/uploads\/bici_charging_wall_render1.png\",\"contentUrl\":\"https:\/\/bikesolutions.ch\/wp-content\/uploads\/bici_charging_wall_render1.png\",\"width\":800,\"height\":600},{\"@type\":\"BreadcrumbList\",\"@id\":\"https:\/\/bikesolutions.ch\/fr\/products\/bicicharger-wall\/#breadcrumb\",\"itemListElement\":[{\"@type\":\"ListItem\",\"position\":1,\"name\":\"Home\",\"item\":\"https:\/\/bikesolutions.ch\/fr\/\"},{\"@type\":\"ListItem\",\"position\":2,\"name\":\"Projets\",\"item\":\"https:\/\/bikesolutions.ch\/fr\/products\/\"},{\"@type\":\"ListItem\",\"position\":3,\"name\":\"BICICHARGER WALL\"}]},{\"@type\":\"WebSite\",\"@id\":\"https:\/\/bikesolutions.ch\/#website\",\"url\":\"https:\/\/bikesolutions.ch\/\",\"name\":\"Bike solutions\",\"description\":\"Soluzioni per la mobilit\u00e0 lenta \",\"publisher\":{\"@id\":\"https:\/\/bikesolutions.ch\/#organization\"},\"potentialAction\":[{\"@type\":\"SearchAction\",\"target\":{\"@type\":\"EntryPoint\",\"urlTemplate\":\"https:\/\/bikesolutions.ch\/?s={search_term_string}\"},\"query-input\":{\"@type\":\"PropertyValueSpecification\",\"valueRequired\":true,\"valueName\":\"search_term_string\"}}],\"inLanguage\":\"fr-FR\"},{\"@type\":\"Organization\",\"@id\":\"https:\/\/bikesolutions.ch\/#organization\",\"name\":\"Bike solutions\",\"url\":\"https:\/\/bikesolutions.ch\/\",\"logo\":{\"@type\":\"ImageObject\",\"inLanguage\":\"fr-FR\",\"@id\":\"https:\/\/bikesolutions.ch\/#\/schema\/logo\/image\/\",\"url\":\"https:\/\/bikesolutions.ch\/wp-content\/uploads\/bike_solution_logo.png\",\"contentUrl\":\"https:\/\/bikesolutions.ch\/wp-content\/uploads\/bike_solution_logo.png\",\"width\":973,\"height\":734,\"caption\":\"Bike solutions\"},\"image\":{\"@id\":\"https:\/\/bikesolutions.ch\/#\/schema\/logo\/image\/\"},\"sameAs\":[\"https:\/\/www.facebook.com\/bikesolutions.ch\/\"]}]}<\/script>\n<!-- \/ Yoast SEO plugin. -->","yoast_head_json":{"title":"BICICHARGER WALL - Bike solutions","robots":{"index":"index","follow":"follow","max-snippet":"max-snippet:-1","max-image-preview":"max-image-preview:large","max-video-preview":"max-video-preview:-1"},"canonical":"https:\/\/bikesolutions.ch\/fr\/products\/bicicharger-wall\/","og_locale":"fr_FR","og_type":"article","og_title":"BICICHARGER WALL - Bike solutions","og_description":"Le point de recharge pour bicyclettes \u00e9lectriques BICICHARGER WALL\u00a0est un \u00e9l\u00e9ment qui s'int\u00e8gre facilement dans les espaces urbains, pr\u00e8s de places de stationnement d\u00e9j\u00e0 planifi\u00e9es, centres commerciales ou \u00e9coles. AVANTAGES Permet la recharge simultan\u00e9e de 3 v\u00e9los Projet\u00e9 pour usage externe Se fixe facilement aux structure verticales Resiste aux actes de vandalisme Sur-mesure Disponible [&hellip;]","og_url":"https:\/\/bikesolutions.ch\/fr\/products\/bicicharger-wall\/","og_site_name":"Bike solutions","article_publisher":"https:\/\/www.facebook.com\/bikesolutions.ch\/","article_modified_time":"2017-10-08T12:04:54+00:00","og_image":[{"width":800,"height":600,"url":"https:\/\/bikesolutions.ch\/wp-content\/uploads\/bici_charging_wall_render1.png","type":"image\/png"}],"twitter_card":"summary_large_image","twitter_misc":{"Dur\u00e9e de lecture estim\u00e9e":"2 minutes"},"schema":{"@context":"https:\/\/schema.org","@graph":[{"@type":"WebPage","@id":"https:\/\/bikesolutions.ch\/fr\/products\/bicicharger-wall\/","url":"https:\/\/bikesolutions.ch\/fr\/products\/bicicharger-wall\/","name":"BICICHARGER WALL - Bike solutions","isPartOf":{"@id":"https:\/\/bikesolutions.ch\/#website"},"primaryImageOfPage":{"@id":"https:\/\/bikesolutions.ch\/fr\/products\/bicicharger-wall\/#primaryimage"},"image":{"@id":"https:\/\/bikesolutions.ch\/fr\/products\/bicicharger-wall\/#primaryimage"},"thumbnailUrl":"https:\/\/bikesolutions.ch\/wp-content\/uploads\/bici_charging_wall_render1.png","datePublished":"2017-05-15T18:19:33+00:00","dateModified":"2017-10-08T12:04:54+00:00","breadcrumb":{"@id":"https:\/\/bikesolutions.ch\/fr\/products\/bicicharger-wall\/#breadcrumb"},"inLanguage":"fr-FR","potentialAction":[{"@type":"ReadAction","target":["https:\/\/bikesolutions.ch\/fr\/products\/bicicharger-wall\/"]}]},{"@type":"ImageObject","inLanguage":"fr-FR","@id":"https:\/\/bikesolutions.ch\/fr\/products\/bicicharger-wall\/#primaryimage","url":"https:\/\/bikesolutions.ch\/wp-content\/uploads\/bici_charging_wall_render1.png","contentUrl":"https:\/\/bikesolutions.ch\/wp-content\/uploads\/bici_charging_wall_render1.png","width":800,"height":600},{"@type":"BreadcrumbList","@id":"https:\/\/bikesolutions.ch\/fr\/products\/bicicharger-wall\/#breadcrumb","itemListElement":[{"@type":"ListItem","position":1,"name":"Home","item":"https:\/\/bikesolutions.ch\/fr\/"},{"@type":"ListItem","position":2,"name":"Projets","item":"https:\/\/bikesolutions.ch\/fr\/products\/"},{"@type":"ListItem","position":3,"name":"BICICHARGER WALL"}]},{"@type":"WebSite","@id":"https:\/\/bikesolutions.ch\/#website","url":"https:\/\/bikesolutions.ch\/","name":"Bike solutions","description":"Soluzioni per la mobilit\u00e0 lenta ","publisher":{"@id":"https:\/\/bikesolutions.ch\/#organization"},"potentialAction":[{"@type":"SearchAction","target":{"@type":"EntryPoint","urlTemplate":"https:\/\/bikesolutions.ch\/?s={search_term_string}"},"query-input":{"@type":"PropertyValueSpecification","valueRequired":true,"valueName":"search_term_string"}}],"inLanguage":"fr-FR"},{"@type":"Organization","@id":"https:\/\/bikesolutions.ch\/#organization","name":"Bike solutions","url":"https:\/\/bikesolutions.ch\/","logo":{"@type":"ImageObject","inLanguage":"fr-FR","@id":"https:\/\/bikesolutions.ch\/#\/schema\/logo\/image\/","url":"https:\/\/bikesolutions.ch\/wp-content\/uploads\/bike_solution_logo.png","contentUrl":"https:\/\/bikesolutions.ch\/wp-content\/uploads\/bike_solution_logo.png","width":973,"height":734,"caption":"Bike solutions"},"image":{"@id":"https:\/\/bikesolutions.ch\/#\/schema\/logo\/image\/"},"sameAs":["https:\/\/www.facebook.com\/bikesolutions.ch\/"]}]}},"_links":{"self":[{"href":"https:\/\/bikesolutions.ch\/fr\/wp-json\/wp\/v2\/project\/1382\/"}],"collection":[{"href":"https:\/\/bikesolutions.ch\/fr\/wp-json\/wp\/v2\/project\/"}],"about":[{"href":"https:\/\/bikesolutions.ch\/fr\/wp-json\/wp\/v2\/types\/project\/"}],"author":[{"embeddable":true,"href":"https:\/\/bikesolutions.ch\/fr\/wp-json\/wp\/v2\/users\/1\/"}],"replies":[{"embeddable":true,"href":"https:\/\/bikesolutions.ch\/fr\/wp-json\/wp\/v2\/comments\/?post=1382"}],"version-history":[{"count":17,"href":"https:\/\/bikesolutions.ch\/fr\/wp-json\/wp\/v2\/project\/1382\/revisions\/"}],"predecessor-version":[{"id":1893,"href":"https:\/\/bikesolutions.ch\/fr\/wp-json\/wp\/v2\/project\/1382\/revisions\/1893\/"}],"wp:featuredmedia":[{"embeddable":true,"href":"https:\/\/bikesolutions.ch\/fr\/wp-json\/wp\/v2\/media\/1094\/"}],"wp:attachment":[{"href":"https:\/\/bikesolutions.ch\/fr\/wp-json\/wp\/v2\/media\/?parent=1382"}],"wp:term":[{"taxonomy":"project_category","embeddable":true,"href":"https:\/\/bikesolutions.ch\/fr\/wp-json\/wp\/v2\/project_category\/?post=1382"},{"taxonomy":"project_tag","embeddable":true,"href":"https:\/\/bikesolutions.ch\/fr\/wp-json\/wp\/v2\/project_tag\/?post=1382"}],"curies":[{"name":"wp","href":"https:\/\/api.w.org\/{rel}","templated":true}]}}