{"id":720,"date":"2017-05-15T20:19:33","date_gmt":"2017-05-15T18:19:33","guid":{"rendered":"https:\/\/bikesolutions.ch\/products\/bicicharger-wall\/"},"modified":"2017-10-08T13:50:04","modified_gmt":"2017-10-08T11:50:04","slug":"bicicharger-wall","status":"publish","type":"project","link":"https:\/\/bikesolutions.ch\/de\/products\/bicicharger-wall\/","title":{"rendered":"BICICHARGER WALL"},"content":{"rendered":"<p>[et_pb_section bb_built=&#8220;1&#8243; custom_padding=&#8220;2%|||&#8220; make_fullwidth=&#8220;on&#8220; make_equal=&#8220;on&#8220; use_custom_gutter=&#8220;on&#8220; specialty=&#8220;on&#8220; parallax_1=&#8220;off&#8220; parallax_2=&#8220;off&#8220; parallax_method_1=&#8220;off&#8220; parallax_method_2=&#8220;off&#8220;][et_pb_column type=&#8220;1_4&#8243;][et_pb_sidebar area=&#8220;sidebar-1&#8243; \/][\/et_pb_column][et_pb_column type=&#8220;3_4&#8243; specialty_columns=&#8220;3&#8243;][et_pb_row_inner admin_label=&#8220;Riga&#8220; custom_padding=&#8220;0px|||&#8220; module_class=&#8220;bordo_superiore&#8220;][et_pb_column_inner type=&#8220;1_2&#8243; saved_specialty_column_type=&#8220;3_4&#8243;][et_pb_image src=&#8220;https:\/\/bikesolutions.ch\/wp-content\/uploads\/bici_charging_wall_render1.png&#8220; show_in_lightbox=&#8220;on&#8220; \/][et_pb_gallery gallery_ids=&#8220;571&#8243; posts_number=&#8220;3&#8243; show_title_and_caption=&#8220;off&#8220; show_pagination=&#8220;off&#8220; hover_icon=&#8220;%%15%%&#8220; custom_css_gallery_item=&#8220;max-width: 30%!important;||clear: none !important;&#8220; \/][\/et_pb_column_inner][et_pb_column_inner type=&#8220;1_2&#8243; saved_specialty_column_type=&#8220;3_4&#8243;][et_pb_post_title meta=&#8220;off&#8220; featured_image=&#8220;off&#8220; text_color=&#8220;light&#8220; module_bg_color=&#8220;#0a9549&#8243; title_font_size=&#8220;32px&#8220; custom_margin=&#8220;|||&#8220; custom_padding=&#8220;2%|2%||2%&#8220; background_color=&#8220;#0a9549&#8243; \/][et_pb_text]<\/p>\n<p>Die Ladestation f\u00fcr Elektrofahrr\u00e4der <strong>BICICHARGER WALL<\/strong> ist ein Element der einfachen Integration in st\u00e4dtischen Gebieten, bei bereits geplanten Parkpl\u00e4tze , Einkaufszentren oder Schulen.<\/p>\n<p>[\/et_pb_text][et_pb_text admin_label=&#8220;Testo vantaggi&#8220; module_class=&#8220;testo_prodotti&#8220; _builder_version=&#8220;3.0.78&#8243; background_layout=&#8220;light&#8220; border_style=&#8220;solid&#8220;]<\/p>\n<h4>VORTEILE<\/h4>\n<ul>\n<li>Es erm\u00f6glicht die gleichzeitige Ladung von 3 E-Bikes<\/li>\n<li>Entwickelt f\u00fcr den Au\u00dfenbereich<\/li>\n<li>Leicht befestigt auf vertikale Strukturen<\/li>\n<li>V\u00f6llig vandalensicher<\/li>\n<li>Zertifizierte Steckdosen mit gesch\u00fctzte Alveolen<\/li>\n<\/ul>\n<p>[\/et_pb_text][et_pb_text admin_label=&#8220;Testo personalizzazione&#8220; module_class=&#8220;testo_prodotti&#8220;]<\/p>\n<h4>Personalisierungen<\/h4>\n<ul>\n<li>Erh\u00e4ltlich in jeder <a href=\"https:\/\/www.ralcolorchart.com\/\" target=\"_blank\" rel=\"noopener noreferrer\">RAL Farbe<\/a><\/li>\n<li>Sie k\u00f6nnen auch Ihr eigenes Logo hinzuf\u00fcgen<\/li>\n<\/ul>\n<p>[\/et_pb_text][\/et_pb_column_inner][\/et_pb_row_inner][et_pb_row_inner admin_label=&#8220;Riga&#8220; use_custom_gutter=&#8220;on&#8220; gutter_width=&#8220;1&#8243; custom_padding=&#8220;1%|2%|0px|2%&#8220; parallax_method_1=&#8220;off&#8220; module_class=&#8220;bordo_superiore&#8220;][et_pb_column_inner type=&#8220;4_4&#8243; saved_specialty_column_type=&#8220;3_4&#8243;][et_pb_text custom_padding=&#8220;||2%|&#8220;]<\/p>\n<h2>Beispiele<\/h2>\n<p>[\/et_pb_text][et_pb_gallery gallery_ids=&#8220;659&#8243; posts_number=&#8220;10&#8243; show_title_and_caption=&#8220;off&#8220; show_pagination=&#8220;off&#8220; hover_icon=&#8220;%%15%%&#8220; module_class=&#8220;galleria_pdt&#8220; \/][\/et_pb_column_inner][\/et_pb_row_inner][\/et_pb_column][\/et_pb_section][et_pb_section bb_built=&#8220;1&#8243; background_color=&#8220;#eee&#8220; module_class=&#8220;bordo_superiore&#8220;][et_pb_row custom_padding=&#8220;0px||0px|&#8220; background_position=&#8220;top_left&#8220; background_repeat=&#8220;repeat&#8220; background_size=&#8220;initial&#8220;][et_pb_column type=&#8220;4_4&#8243;][et_pb_text admin_label=&#8220;Text&#8220; background_position=&#8220;top_left&#8220; background_repeat=&#8220;repeat&#8220; background_size=&#8220;initial&#8220;]<\/p>\n<h2>Siehe auch<\/h2>\n<p>[\/et_pb_text][et_pb_portfolio admin_label=&#8220;Correlati&#8220; fullwidth=&#8220;off&#8220; posts_number=&#8220;4&#8243; include_categories=&#8220;45&#8243; show_categories=&#8220;off&#8220; show_pagination=&#8220;off&#8220; background_position=&#8220;top_left&#8220; background_repeat=&#8220;repeat&#8220; background_size=&#8220;initial&#8220; _builder_version=&#8220;3.0.51&#8243; show_title=&#8220;on&#8220; zoom_icon_color=&#8220;#0a9549&#8243; hover_overlay_color=&#8220;rgba(255,255,255,0.9)&#8220; background_layout=&#8220;light&#8220; border_style=&#8220;solid&#8220; \/][\/et_pb_column][\/et_pb_row][\/et_pb_section]<\/p>\n","protected":false},"excerpt":{"rendered":"<p><div class=\"et_pb_module et_pb_text et_pb_text_0  et_pb_text_align_left et_pb_bg_layout_light\">\n\t\t\t\t\n\t\t\t\t\n\t\t\t\t\n\t\t\t\t\n\t\t\t\t\n\t\t\t<\/div> Die Ladestation f\u00fcr Elektrofahrr\u00e4der BICICHARGER WALL ist ein Element der einfachen Integration in st\u00e4dtischen Gebieten, bei bereits geplanten Parkpl\u00e4tze , Einkaufszentren oder Schulen. VORTEILE Es erm\u00f6glicht die gleichzeitige Ladung von 3 E-Bikes Entwickelt f\u00fcr den Au\u00dfenbereich Leicht befestigt auf vertikale Strukturen V\u00f6llig vandalensicher Zertifizierte Steckdosen mit gesch\u00fctzte Alveolen Personalisierungen Erh\u00e4ltlich in jeder RAL Farbe [&hellip;]<\/p>\n","protected":false},"author":1,"featured_media":569,"comment_status":"closed","ping_status":"closed","template":"","meta":{"_et_pb_use_builder":"on","_et_pb_old_content":"","_et_gb_content_width":"","footnotes":""},"project_category":[45],"project_tag":[],"class_list":["post-720","project","type-project","status-publish","has-post-thumbnail","hentry","project_category-e-bike-stationen"],"yoast_head":"<!-- This site is optimized with the Yoast SEO plugin v23.9 - https:\/\/yoast.com\/wordpress\/plugins\/seo\/ -->\n<title>BICICHARGER WALL - Bike solutions<\/title>\n<meta name=\"robots\" content=\"index, follow, max-snippet:-1, max-image-preview:large, max-video-preview:-1\" \/>\n<link rel=\"canonical\" href=\"https:\/\/bikesolutions.ch\/de\/products\/bicicharger-wall\/\" \/>\n<meta property=\"og:locale\" content=\"de_DE\" \/>\n<meta property=\"og:type\" content=\"article\" \/>\n<meta property=\"og:title\" content=\"BICICHARGER WALL - Bike solutions\" \/>\n<meta property=\"og:description\" content=\"Die Ladestation f\u00fcr Elektrofahrr\u00e4der BICICHARGER WALL ist ein Element der einfachen Integration in st\u00e4dtischen Gebieten, bei bereits geplanten Parkpl\u00e4tze , Einkaufszentren oder Schulen. VORTEILE Es erm\u00f6glicht die gleichzeitige Ladung von 3 E-Bikes Entwickelt f\u00fcr den Au\u00dfenbereich Leicht befestigt auf vertikale Strukturen V\u00f6llig vandalensicher Zertifizierte Steckdosen mit gesch\u00fctzte Alveolen Personalisierungen Erh\u00e4ltlich in jeder RAL Farbe [&hellip;]\" \/>\n<meta property=\"og:url\" content=\"https:\/\/bikesolutions.ch\/de\/products\/bicicharger-wall\/\" \/>\n<meta property=\"og:site_name\" content=\"Bike solutions\" \/>\n<meta property=\"article:publisher\" content=\"https:\/\/www.facebook.com\/bikesolutions.ch\/\" \/>\n<meta property=\"article:modified_time\" content=\"2017-10-08T11:50:04+00:00\" \/>\n<meta property=\"og:image\" content=\"https:\/\/bikesolutions.ch\/wp-content\/uploads\/bici_charging_wall_render1.png\" \/>\n\t<meta property=\"og:image:width\" content=\"800\" \/>\n\t<meta property=\"og:image:height\" content=\"600\" \/>\n\t<meta property=\"og:image:type\" content=\"image\/png\" \/>\n<meta name=\"twitter:card\" content=\"summary_large_image\" \/>\n<meta name=\"twitter:label1\" content=\"Gesch\u00e4tzte Lesezeit\" \/>\n\t<meta name=\"twitter:data1\" content=\"2\u00a0Minuten\" \/>\n<script type=\"application\/ld+json\" class=\"yoast-schema-graph\">{\"@context\":\"https:\/\/schema.org\",\"@graph\":[{\"@type\":\"WebPage\",\"@id\":\"https:\/\/bikesolutions.ch\/de\/products\/bicicharger-wall\/\",\"url\":\"https:\/\/bikesolutions.ch\/de\/products\/bicicharger-wall\/\",\"name\":\"BICICHARGER WALL - Bike solutions\",\"isPartOf\":{\"@id\":\"https:\/\/bikesolutions.ch\/#website\"},\"primaryImageOfPage\":{\"@id\":\"https:\/\/bikesolutions.ch\/de\/products\/bicicharger-wall\/#primaryimage\"},\"image\":{\"@id\":\"https:\/\/bikesolutions.ch\/de\/products\/bicicharger-wall\/#primaryimage\"},\"thumbnailUrl\":\"https:\/\/bikesolutions.ch\/wp-content\/uploads\/bici_charging_wall_render1.png\",\"datePublished\":\"2017-05-15T18:19:33+00:00\",\"dateModified\":\"2017-10-08T11:50:04+00:00\",\"breadcrumb\":{\"@id\":\"https:\/\/bikesolutions.ch\/de\/products\/bicicharger-wall\/#breadcrumb\"},\"inLanguage\":\"de\",\"potentialAction\":[{\"@type\":\"ReadAction\",\"target\":[\"https:\/\/bikesolutions.ch\/de\/products\/bicicharger-wall\/\"]}]},{\"@type\":\"ImageObject\",\"inLanguage\":\"de\",\"@id\":\"https:\/\/bikesolutions.ch\/de\/products\/bicicharger-wall\/#primaryimage\",\"url\":\"https:\/\/bikesolutions.ch\/wp-content\/uploads\/bici_charging_wall_render1.png\",\"contentUrl\":\"https:\/\/bikesolutions.ch\/wp-content\/uploads\/bici_charging_wall_render1.png\",\"width\":800,\"height\":600},{\"@type\":\"BreadcrumbList\",\"@id\":\"https:\/\/bikesolutions.ch\/de\/products\/bicicharger-wall\/#breadcrumb\",\"itemListElement\":[{\"@type\":\"ListItem\",\"position\":1,\"name\":\"Home\",\"item\":\"https:\/\/bikesolutions.ch\/de\/\"},{\"@type\":\"ListItem\",\"position\":2,\"name\":\"Projets\",\"item\":\"https:\/\/bikesolutions.ch\/fr\/products\/\"},{\"@type\":\"ListItem\",\"position\":3,\"name\":\"BICICHARGER WALL\"}]},{\"@type\":\"WebSite\",\"@id\":\"https:\/\/bikesolutions.ch\/#website\",\"url\":\"https:\/\/bikesolutions.ch\/\",\"name\":\"Bike solutions\",\"description\":\"Soluzioni per la mobilit\u00e0 lenta \",\"publisher\":{\"@id\":\"https:\/\/bikesolutions.ch\/#organization\"},\"potentialAction\":[{\"@type\":\"SearchAction\",\"target\":{\"@type\":\"EntryPoint\",\"urlTemplate\":\"https:\/\/bikesolutions.ch\/?s={search_term_string}\"},\"query-input\":{\"@type\":\"PropertyValueSpecification\",\"valueRequired\":true,\"valueName\":\"search_term_string\"}}],\"inLanguage\":\"de\"},{\"@type\":\"Organization\",\"@id\":\"https:\/\/bikesolutions.ch\/#organization\",\"name\":\"Bike solutions\",\"url\":\"https:\/\/bikesolutions.ch\/\",\"logo\":{\"@type\":\"ImageObject\",\"inLanguage\":\"de\",\"@id\":\"https:\/\/bikesolutions.ch\/#\/schema\/logo\/image\/\",\"url\":\"https:\/\/bikesolutions.ch\/wp-content\/uploads\/bike_solution_logo.png\",\"contentUrl\":\"https:\/\/bikesolutions.ch\/wp-content\/uploads\/bike_solution_logo.png\",\"width\":973,\"height\":734,\"caption\":\"Bike solutions\"},\"image\":{\"@id\":\"https:\/\/bikesolutions.ch\/#\/schema\/logo\/image\/\"},\"sameAs\":[\"https:\/\/www.facebook.com\/bikesolutions.ch\/\"]}]}<\/script>\n<!-- \/ Yoast SEO plugin. -->","yoast_head_json":{"title":"BICICHARGER WALL - Bike solutions","robots":{"index":"index","follow":"follow","max-snippet":"max-snippet:-1","max-image-preview":"max-image-preview:large","max-video-preview":"max-video-preview:-1"},"canonical":"https:\/\/bikesolutions.ch\/de\/products\/bicicharger-wall\/","og_locale":"de_DE","og_type":"article","og_title":"BICICHARGER WALL - Bike solutions","og_description":"Die Ladestation f\u00fcr Elektrofahrr\u00e4der BICICHARGER WALL ist ein Element der einfachen Integration in st\u00e4dtischen Gebieten, bei bereits geplanten Parkpl\u00e4tze , Einkaufszentren oder Schulen. VORTEILE Es erm\u00f6glicht die gleichzeitige Ladung von 3 E-Bikes Entwickelt f\u00fcr den Au\u00dfenbereich Leicht befestigt auf vertikale Strukturen V\u00f6llig vandalensicher Zertifizierte Steckdosen mit gesch\u00fctzte Alveolen Personalisierungen Erh\u00e4ltlich in jeder RAL Farbe [&hellip;]","og_url":"https:\/\/bikesolutions.ch\/de\/products\/bicicharger-wall\/","og_site_name":"Bike solutions","article_publisher":"https:\/\/www.facebook.com\/bikesolutions.ch\/","article_modified_time":"2017-10-08T11:50:04+00:00","og_image":[{"width":800,"height":600,"url":"https:\/\/bikesolutions.ch\/wp-content\/uploads\/bici_charging_wall_render1.png","type":"image\/png"}],"twitter_card":"summary_large_image","twitter_misc":{"Gesch\u00e4tzte Lesezeit":"2\u00a0Minuten"},"schema":{"@context":"https:\/\/schema.org","@graph":[{"@type":"WebPage","@id":"https:\/\/bikesolutions.ch\/de\/products\/bicicharger-wall\/","url":"https:\/\/bikesolutions.ch\/de\/products\/bicicharger-wall\/","name":"BICICHARGER WALL - Bike solutions","isPartOf":{"@id":"https:\/\/bikesolutions.ch\/#website"},"primaryImageOfPage":{"@id":"https:\/\/bikesolutions.ch\/de\/products\/bicicharger-wall\/#primaryimage"},"image":{"@id":"https:\/\/bikesolutions.ch\/de\/products\/bicicharger-wall\/#primaryimage"},"thumbnailUrl":"https:\/\/bikesolutions.ch\/wp-content\/uploads\/bici_charging_wall_render1.png","datePublished":"2017-05-15T18:19:33+00:00","dateModified":"2017-10-08T11:50:04+00:00","breadcrumb":{"@id":"https:\/\/bikesolutions.ch\/de\/products\/bicicharger-wall\/#breadcrumb"},"inLanguage":"de","potentialAction":[{"@type":"ReadAction","target":["https:\/\/bikesolutions.ch\/de\/products\/bicicharger-wall\/"]}]},{"@type":"ImageObject","inLanguage":"de","@id":"https:\/\/bikesolutions.ch\/de\/products\/bicicharger-wall\/#primaryimage","url":"https:\/\/bikesolutions.ch\/wp-content\/uploads\/bici_charging_wall_render1.png","contentUrl":"https:\/\/bikesolutions.ch\/wp-content\/uploads\/bici_charging_wall_render1.png","width":800,"height":600},{"@type":"BreadcrumbList","@id":"https:\/\/bikesolutions.ch\/de\/products\/bicicharger-wall\/#breadcrumb","itemListElement":[{"@type":"ListItem","position":1,"name":"Home","item":"https:\/\/bikesolutions.ch\/de\/"},{"@type":"ListItem","position":2,"name":"Projets","item":"https:\/\/bikesolutions.ch\/fr\/products\/"},{"@type":"ListItem","position":3,"name":"BICICHARGER WALL"}]},{"@type":"WebSite","@id":"https:\/\/bikesolutions.ch\/#website","url":"https:\/\/bikesolutions.ch\/","name":"Bike solutions","description":"Soluzioni per la mobilit\u00e0 lenta ","publisher":{"@id":"https:\/\/bikesolutions.ch\/#organization"},"potentialAction":[{"@type":"SearchAction","target":{"@type":"EntryPoint","urlTemplate":"https:\/\/bikesolutions.ch\/?s={search_term_string}"},"query-input":{"@type":"PropertyValueSpecification","valueRequired":true,"valueName":"search_term_string"}}],"inLanguage":"de"},{"@type":"Organization","@id":"https:\/\/bikesolutions.ch\/#organization","name":"Bike solutions","url":"https:\/\/bikesolutions.ch\/","logo":{"@type":"ImageObject","inLanguage":"de","@id":"https:\/\/bikesolutions.ch\/#\/schema\/logo\/image\/","url":"https:\/\/bikesolutions.ch\/wp-content\/uploads\/bike_solution_logo.png","contentUrl":"https:\/\/bikesolutions.ch\/wp-content\/uploads\/bike_solution_logo.png","width":973,"height":734,"caption":"Bike solutions"},"image":{"@id":"https:\/\/bikesolutions.ch\/#\/schema\/logo\/image\/"},"sameAs":["https:\/\/www.facebook.com\/bikesolutions.ch\/"]}]}},"_links":{"self":[{"href":"https:\/\/bikesolutions.ch\/de\/wp-json\/wp\/v2\/project\/720\/"}],"collection":[{"href":"https:\/\/bikesolutions.ch\/de\/wp-json\/wp\/v2\/project\/"}],"about":[{"href":"https:\/\/bikesolutions.ch\/de\/wp-json\/wp\/v2\/types\/project\/"}],"author":[{"embeddable":true,"href":"https:\/\/bikesolutions.ch\/de\/wp-json\/wp\/v2\/users\/1\/"}],"replies":[{"embeddable":true,"href":"https:\/\/bikesolutions.ch\/de\/wp-json\/wp\/v2\/comments\/?post=720"}],"version-history":[{"count":22,"href":"https:\/\/bikesolutions.ch\/de\/wp-json\/wp\/v2\/project\/720\/revisions\/"}],"predecessor-version":[{"id":1864,"href":"https:\/\/bikesolutions.ch\/de\/wp-json\/wp\/v2\/project\/720\/revisions\/1864\/"}],"wp:featuredmedia":[{"embeddable":true,"href":"https:\/\/bikesolutions.ch\/de\/wp-json\/wp\/v2\/media\/569\/"}],"wp:attachment":[{"href":"https:\/\/bikesolutions.ch\/de\/wp-json\/wp\/v2\/media\/?parent=720"}],"wp:term":[{"taxonomy":"project_category","embeddable":true,"href":"https:\/\/bikesolutions.ch\/de\/wp-json\/wp\/v2\/project_category\/?post=720"},{"taxonomy":"project_tag","embeddable":true,"href":"https:\/\/bikesolutions.ch\/de\/wp-json\/wp\/v2\/project_tag\/?post=720"}],"curies":[{"name":"wp","href":"https:\/\/api.w.org\/{rel}","templated":true}]}}